{"id":511,"date":"2026-03-14T09:57:39","date_gmt":"2026-03-14T08:57:39","guid":{"rendered":"https:\/\/www.viva-la-vida.eu\/?page_id=511"},"modified":"2026-03-14T10:01:34","modified_gmt":"2026-03-14T09:01:34","slug":"abschied","status":"publish","type":"page","link":"https:\/\/www.viva-la-vida.eu\/","title":{"rendered":"Abschied"},"content":{"rendered":"\n<div class=\"wp-block-group alignfull has-background has-global-padding is-layout-constrained wp-container-core-group-is-layout-5175d408 wp-block-group-is-layout-constrained\" style=\"background-color:#bcd5d5;margin-top:0;margin-bottom:0;padding-top:0;padding-right:var(--wp--preset--spacing--10);padding-bottom:0;padding-left:var(--wp--preset--spacing--10)\">\n<div class=\"wp-block-group alignfull has-global-padding is-layout-constrained wp-container-core-group-is-layout-be04af43 wp-block-group-is-layout-constrained\" style=\"margin-top:0;margin-bottom:0\">\n<div class=\"wp-block-columns alignwide is-layout-flex wp-container-core-columns-is-layout-44468703 wp-block-columns-is-layout-flex\" style=\"padding-top:var(--wp--preset--spacing--10);padding-right:var(--wp--preset--spacing--10);padding-bottom:var(--wp--preset--spacing--10);padding-left:var(--wp--preset--spacing--10)\">\n<div class=\"wp-block-column is-layout-flow wp-block-column-is-layout-flow\">\n<h2 class=\"wp-block-heading\">&#8230; vom M\u00fclheimer Atelier<\/h2>\n\n\n\n<p>Nach drei Jahren mit unz\u00e4hligen inspirierenden und kreativen Begegnungen ist es f\u00fcr mich an der Zeit, den aktuellen Standort des Ateliers in M\u00fclheim zu verlassen.<\/p>\n\n\n\n<p>Abschied ist auch Ver\u00e4nderung und damit ein Teil des kreativen Prozess, auch, wenn es manchmal schwer ist. Nun freue ich mich darauf, das n\u00e4chste Kapitel aufzuschlagen. Demn\u00e4chst gibt es auch Infos dazu, wie das n\u00e4chste Kapitel aussehen wird.<br><br>Danke und Gru\u00df, Virginia Reiner<\/p>\n<\/div>\n\n\n\n<div class=\"wp-block-column is-layout-flow wp-block-column-is-layout-flow\">\n<figure class=\"wp-block-image size-large\"><img loading=\"lazy\" decoding=\"async\" width=\"819\" height=\"1024\" src=\"https:\/\/www.viva-la-vida.eu\/wp-content\/uploads\/2026\/03\/Brown-and-Beige-Vintage-Travel-Photo-Collage-Instagram-Post1-819x1024.jpg\" alt=\"\" class=\"wp-image-506\" srcset=\"https:\/\/www.viva-la-vida.eu\/wp-content\/uploads\/2026\/03\/Brown-and-Beige-Vintage-Travel-Photo-Collage-Instagram-Post1-819x1024.jpg 819w, https:\/\/www.viva-la-vida.eu\/wp-content\/uploads\/2026\/03\/Brown-and-Beige-Vintage-Travel-Photo-Collage-Instagram-Post1-240x300.jpg 240w, https:\/\/www.viva-la-vida.eu\/wp-content\/uploads\/2026\/03\/Brown-and-Beige-Vintage-Travel-Photo-Collage-Instagram-Post1-768x960.jpg 768w, https:\/\/www.viva-la-vida.eu\/wp-content\/uploads\/2026\/03\/Brown-and-Beige-Vintage-Travel-Photo-Collage-Instagram-Post1.jpg 1080w\" sizes=\"auto, (max-width: 819px) 100vw, 819px\" \/><\/figure>\n<\/div>\n<\/div>\n<\/div>\n<\/div>\n\n\n\n<div class=\"wp-block-group alignfull has-accent-5-background-color has-background has-global-padding is-layout-constrained wp-container-core-group-is-layout-6c1c3c5c wp-block-group-is-layout-constrained\" style=\"margin-top:0;margin-bottom:0;padding-top:0;padding-right:0;padding-bottom:0;padding-left:0\">\n<div class=\"wp-block-group alignfull has-background has-global-padding is-layout-constrained wp-container-core-group-is-layout-6c1c3c5c wp-block-group-is-layout-constrained\" style=\"background-color:#87456b;margin-top:0;margin-bottom:0;padding-top:0;padding-right:0;padding-bottom:0;padding-left:0\">\n<div class=\"wp-block-columns alignwide are-vertically-aligned-center is-layout-flex wp-container-core-columns-is-layout-67945758 wp-block-columns-is-layout-flex\" style=\"margin-top:0;margin-bottom:0;padding-top:var(--wp--preset--spacing--30);padding-right:var(--wp--preset--spacing--40);padding-bottom:var(--wp--preset--spacing--30);padding-left:var(--wp--preset--spacing--40)\">\n<div class=\"wp-block-column is-vertically-aligned-center is-layout-flow wp-block-column-is-layout-flow\" style=\"flex-basis:33.33%\">\n<h3 class=\"wp-block-heading has-text-align-left has-base-2-color has-text-color has-link-color wp-elements-01d24c19d4f3978e52d9b55db6b31d4f\" style=\"margin-top:var(--wp--preset--spacing--10);margin-bottom:var(--wp--preset--spacing--10)\">Nehmen Sie Kontakt auf!<\/h3>\n<\/div>\n\n\n\n<div class=\"wp-block-column is-vertically-aligned-center is-layout-flow wp-block-column-is-layout-flow\" style=\"flex-basis:33.33%\">\n<p class=\"has-base-color has-text-color has-link-color has-small-font-size wp-elements-02a41490c669f92f0e9617dcdb1fcd44\">Ich freue mich darauf, Sie bei einem Gespr\u00e4ch kennen zu lernen und Sie kreativ zu begleiten!<\/p>\n<\/div>\n\n\n\n<div class=\"wp-block-column is-vertically-aligned-center has-global-padding is-layout-constrained wp-block-column-is-layout-constrained\" style=\"flex-basis:33.33%\">\n<div class=\"wp-block-buttons alignwide is-content-justification-center is-layout-flex wp-container-core-buttons-is-layout-5b5683f2 wp-block-buttons-is-layout-flex\">\n<div class=\"wp-block-button has-custom-width wp-block-button__width-75 is-style-fill\"><a class=\"wp-block-button__link has-base-2-background-color has-text-color has-background has-link-color wp-element-button\" href=\"https:\/\/www.viva-la-vida.eu\/index.php\/kontakt-impressum\/\" style=\"color:#a42e8a\">termin machen<\/a><\/div>\n<\/div>\n<\/div>\n<\/div>\n<\/div>\n\n\n\n<div class=\"wp-block-group alignfull has-background has-global-padding is-layout-constrained wp-container-core-group-is-layout-2d1f6c9d wp-block-group-is-layout-constrained\" style=\"background-color:#8eacac;margin-top:0;margin-bottom:0;padding-top:0;padding-right:var(--wp--preset--spacing--40);padding-bottom:0;padding-left:var(--wp--preset--spacing--40)\">\n<div class=\"wp-block-group alignwide has-global-padding is-layout-constrained wp-container-core-group-is-layout-61b49547 wp-block-group-is-layout-constrained\" style=\"border-radius:10px;margin-top:0;margin-bottom:0;padding-top:var(--wp--preset--spacing--20);padding-right:var(--wp--preset--spacing--20);padding-bottom:var(--wp--preset--spacing--20);padding-left:var(--wp--preset--spacing--20)\">\n<div class=\"wp-block-columns alignwide is-layout-flex wp-container-core-columns-is-layout-74060f50 wp-block-columns-is-layout-flex\" style=\"margin-top:var(--wp--preset--spacing--10);margin-bottom:var(--wp--preset--spacing--10);padding-top:0;padding-right:0;padding-bottom:0;padding-left:0\">\n<div class=\"wp-block-column is-layout-flow wp-block-column-is-layout-flow\" style=\"flex-basis:33.33%\">\n<h3 class=\"wp-block-heading has-base-2-color has-text-color has-link-color wp-elements-ff81a6a693ecbfc71b30ec8bda679306\">Wichtig: Coaching ist und ersetzt keine Therapie<\/h3>\n<\/div>\n\n\n\n<div class=\"wp-block-column has-base-color has-text-color has-link-color wp-elements-e1654932d8a63d8c5ed26016ad413a47 is-layout-flow wp-block-column-is-layout-flow\" style=\"flex-basis:33.34%\">\n<p class=\"has-text-align-left has-small-font-size\">Das creative coaching bietet <strong>keinen Ersatz<\/strong> f\u00fcr eine Diagnose oder Behandlung durch einen Arzt, Psychotherapeuten oder Heilpraktiker. Ich<strong> erstelle oder behandle keine Diagnosen und f\u00fchre keine Heilbehandlung durch<\/strong>. <\/p>\n<\/div>\n\n\n\n<div class=\"wp-block-column has-base-color has-text-color has-link-color wp-elements-8d9ce4c92e9577dfe0d5f9487a195087 is-layout-flow wp-block-column-is-layout-flow\" style=\"flex-basis:33.34%\">\n<p class=\"has-base-color has-text-color has-link-color has-small-font-size wp-elements-c5bfe2041365645219e8e36ce7791ebc\">Das Angebot beinhaltet ausschlie\u00dflich l\u00f6sungsorientierte, ressourcenst\u00e4rkende Methoden  f\u00fcr  Kreativit\u00e4t, Pr\u00e4vention, Gesunderhaltung und Stressreduktion zur Steigerung des Wohlbefindens und Verbesserung der Lebensqualit\u00e4t.<\/p>\n<\/div>\n<\/div>\n<\/div>\n<\/div>\n<\/div>\n","protected":false},"excerpt":{"rendered":"<p>&#8230; vom M\u00fclheimer Atelier Nach drei Jahren mit unz\u00e4hligen inspirierenden und kreativen Begegnungen ist es f\u00fcr mich an der Zeit, den aktuellen Standort des Ateliers in M\u00fclheim zu verlassen. Abschied ist auch Ver\u00e4nderung und damit ein Teil des kreativen Prozess, auch, wenn es manchmal schwer ist. Nun freue ich mich darauf, das n\u00e4chste Kapitel aufzuschlagen. [&hellip;]<\/p>\n","protected":false},"author":1,"featured_media":0,"parent":0,"menu_order":0,"comment_status":"closed","ping_status":"closed","template":"","meta":{"footnotes":""},"class_list":["post-511","page","type-page","status-publish","hentry"],"yoast_head":"<!-- This site is optimized with the Yoast SEO plugin v24.4 - https:\/\/yoast.com\/wordpress\/plugins\/seo\/ -->\n<title>Abschied - Virginia Reiner<\/title>\n<meta name=\"description\" content=\"Virginia Reiner creative coaching mit Kunsttherapie f\u00fcr Stressreduktion, Resilienz und Verbesserung der Lebensqualit\u00e4t. Begleiten Sie Ver\u00e4nderungen im pers\u00f6nlichen und beruflichen Bereich mit Kreativit\u00e4t in K\u00f6ln.\" \/>\n<meta name=\"robots\" content=\"index, follow, max-snippet:-1, max-image-preview:large, max-video-preview:-1\" \/>\n<link rel=\"canonical\" href=\"https:\/\/www.viva-la-vida.eu\/\" \/>\n<meta property=\"og:locale\" content=\"de_DE\" \/>\n<meta property=\"og:type\" content=\"article\" \/>\n<meta property=\"og:title\" content=\"Abschied - Virginia Reiner\" \/>\n<meta property=\"og:description\" content=\"Virginia Reiner creative coaching mit Kunsttherapie f\u00fcr Stressreduktion, Resilienz und Verbesserung der Lebensqualit\u00e4t. Begleiten Sie Ver\u00e4nderungen im pers\u00f6nlichen und beruflichen Bereich mit Kreativit\u00e4t in K\u00f6ln.\" \/>\n<meta property=\"og:url\" content=\"https:\/\/www.viva-la-vida.eu\/\" \/>\n<meta property=\"og:site_name\" content=\"Virginia Reiner\" \/>\n<meta property=\"article:publisher\" content=\"https:\/\/www.instagram.com\/creative_coaching_reiner\/\" \/>\n<meta property=\"article:modified_time\" content=\"2026-03-14T09:01:34+00:00\" \/>\n<meta property=\"og:image\" content=\"https:\/\/www.viva-la-vida.eu\/wp-content\/uploads\/2026\/03\/Brown-and-Beige-Vintage-Travel-Photo-Collage-Instagram-Post1.jpg\" \/>\n\t<meta property=\"og:image:width\" content=\"1080\" \/>\n\t<meta property=\"og:image:height\" content=\"1350\" \/>\n\t<meta property=\"og:image:type\" content=\"image\/jpeg\" \/>\n<meta name=\"twitter:card\" content=\"summary_large_image\" \/>\n<meta name=\"twitter:label1\" content=\"Gesch\u00e4tzte Lesezeit\" \/>\n\t<meta name=\"twitter:data1\" content=\"2\u00a0Minuten\" \/>\n<script type=\"application\/ld+json\" class=\"yoast-schema-graph\">{\"@context\":\"https:\/\/schema.org\",\"@graph\":[{\"@type\":\"WebPage\",\"@id\":\"https:\/\/www.viva-la-vida.eu\/\",\"url\":\"https:\/\/www.viva-la-vida.eu\/\",\"name\":\"Abschied - Virginia Reiner\",\"isPartOf\":{\"@id\":\"https:\/\/www.viva-la-vida.eu\/#website\"},\"primaryImageOfPage\":{\"@id\":\"https:\/\/www.viva-la-vida.eu\/#primaryimage\"},\"image\":{\"@id\":\"https:\/\/www.viva-la-vida.eu\/#primaryimage\"},\"thumbnailUrl\":\"https:\/\/www.viva-la-vida.eu\/wp-content\/uploads\/2026\/03\/Brown-and-Beige-Vintage-Travel-Photo-Collage-Instagram-Post1-819x1024.jpg\",\"datePublished\":\"2026-03-14T08:57:39+00:00\",\"dateModified\":\"2026-03-14T09:01:34+00:00\",\"description\":\"Virginia Reiner creative coaching mit Kunsttherapie f\u00fcr Stressreduktion, Resilienz und Verbesserung der Lebensqualit\u00e4t. Begleiten Sie Ver\u00e4nderungen im pers\u00f6nlichen und beruflichen Bereich mit Kreativit\u00e4t in K\u00f6ln.\",\"breadcrumb\":{\"@id\":\"https:\/\/www.viva-la-vida.eu\/#breadcrumb\"},\"inLanguage\":\"de\",\"potentialAction\":[{\"@type\":\"ReadAction\",\"target\":[\"https:\/\/www.viva-la-vida.eu\/\"]}]},{\"@type\":\"ImageObject\",\"inLanguage\":\"de\",\"@id\":\"https:\/\/www.viva-la-vida.eu\/#primaryimage\",\"url\":\"https:\/\/www.viva-la-vida.eu\/wp-content\/uploads\/2026\/03\/Brown-and-Beige-Vintage-Travel-Photo-Collage-Instagram-Post1.jpg\",\"contentUrl\":\"https:\/\/www.viva-la-vida.eu\/wp-content\/uploads\/2026\/03\/Brown-and-Beige-Vintage-Travel-Photo-Collage-Instagram-Post1.jpg\",\"width\":1080,\"height\":1350},{\"@type\":\"BreadcrumbList\",\"@id\":\"https:\/\/www.viva-la-vida.eu\/#breadcrumb\",\"itemListElement\":[{\"@type\":\"ListItem\",\"position\":1,\"name\":\"Startseite\",\"item\":\"https:\/\/www.viva-la-vida.eu\/\"},{\"@type\":\"ListItem\",\"position\":2,\"name\":\"Abschied\"}]},{\"@type\":\"WebSite\",\"@id\":\"https:\/\/www.viva-la-vida.eu\/#website\",\"url\":\"https:\/\/www.viva-la-vida.eu\/\",\"name\":\"Virginia Reiner\",\"description\":\"creative coaching\",\"publisher\":{\"@id\":\"https:\/\/www.viva-la-vida.eu\/#organization\"},\"potentialAction\":[{\"@type\":\"SearchAction\",\"target\":{\"@type\":\"EntryPoint\",\"urlTemplate\":\"https:\/\/www.viva-la-vida.eu\/?s={search_term_string}\"},\"query-input\":{\"@type\":\"PropertyValueSpecification\",\"valueRequired\":true,\"valueName\":\"search_term_string\"}}],\"inLanguage\":\"de\"},{\"@type\":\"Organization\",\"@id\":\"https:\/\/www.viva-la-vida.eu\/#organization\",\"name\":\"Virginia Reiner\",\"url\":\"https:\/\/www.viva-la-vida.eu\/\",\"logo\":{\"@type\":\"ImageObject\",\"inLanguage\":\"de\",\"@id\":\"https:\/\/www.viva-la-vida.eu\/#\/schema\/logo\/image\/\",\"url\":\"https:\/\/www.viva-la-vida.eu\/wp-content\/uploads\/2024\/05\/webicon.jpg\",\"contentUrl\":\"https:\/\/www.viva-la-vida.eu\/wp-content\/uploads\/2024\/05\/webicon.jpg\",\"width\":512,\"height\":512,\"caption\":\"Virginia Reiner\"},\"image\":{\"@id\":\"https:\/\/www.viva-la-vida.eu\/#\/schema\/logo\/image\/\"},\"sameAs\":[\"https:\/\/www.instagram.com\/creative_coaching_reiner\/\"]}]}<\/script>\n<!-- \/ Yoast SEO plugin. -->","yoast_head_json":{"title":"Abschied - Virginia Reiner","description":"Virginia Reiner creative coaching mit Kunsttherapie f\u00fcr Stressreduktion, Resilienz und Verbesserung der Lebensqualit\u00e4t. Begleiten Sie Ver\u00e4nderungen im pers\u00f6nlichen und beruflichen Bereich mit Kreativit\u00e4t in K\u00f6ln.","robots":{"index":"index","follow":"follow","max-snippet":"max-snippet:-1","max-image-preview":"max-image-preview:large","max-video-preview":"max-video-preview:-1"},"canonical":"https:\/\/www.viva-la-vida.eu\/","og_locale":"de_DE","og_type":"article","og_title":"Abschied - Virginia Reiner","og_description":"Virginia Reiner creative coaching mit Kunsttherapie f\u00fcr Stressreduktion, Resilienz und Verbesserung der Lebensqualit\u00e4t. Begleiten Sie Ver\u00e4nderungen im pers\u00f6nlichen und beruflichen Bereich mit Kreativit\u00e4t in K\u00f6ln.","og_url":"https:\/\/www.viva-la-vida.eu\/","og_site_name":"Virginia Reiner","article_publisher":"https:\/\/www.instagram.com\/creative_coaching_reiner\/","article_modified_time":"2026-03-14T09:01:34+00:00","og_image":[{"width":1080,"height":1350,"url":"https:\/\/www.viva-la-vida.eu\/wp-content\/uploads\/2026\/03\/Brown-and-Beige-Vintage-Travel-Photo-Collage-Instagram-Post1.jpg","type":"image\/jpeg"}],"twitter_card":"summary_large_image","twitter_misc":{"Gesch\u00e4tzte Lesezeit":"2\u00a0Minuten"},"schema":{"@context":"https:\/\/schema.org","@graph":[{"@type":"WebPage","@id":"https:\/\/www.viva-la-vida.eu\/","url":"https:\/\/www.viva-la-vida.eu\/","name":"Abschied - Virginia Reiner","isPartOf":{"@id":"https:\/\/www.viva-la-vida.eu\/#website"},"primaryImageOfPage":{"@id":"https:\/\/www.viva-la-vida.eu\/#primaryimage"},"image":{"@id":"https:\/\/www.viva-la-vida.eu\/#primaryimage"},"thumbnailUrl":"https:\/\/www.viva-la-vida.eu\/wp-content\/uploads\/2026\/03\/Brown-and-Beige-Vintage-Travel-Photo-Collage-Instagram-Post1-819x1024.jpg","datePublished":"2026-03-14T08:57:39+00:00","dateModified":"2026-03-14T09:01:34+00:00","description":"Virginia Reiner creative coaching mit Kunsttherapie f\u00fcr Stressreduktion, Resilienz und Verbesserung der Lebensqualit\u00e4t. Begleiten Sie Ver\u00e4nderungen im pers\u00f6nlichen und beruflichen Bereich mit Kreativit\u00e4t in K\u00f6ln.","breadcrumb":{"@id":"https:\/\/www.viva-la-vida.eu\/#breadcrumb"},"inLanguage":"de","potentialAction":[{"@type":"ReadAction","target":["https:\/\/www.viva-la-vida.eu\/"]}]},{"@type":"ImageObject","inLanguage":"de","@id":"https:\/\/www.viva-la-vida.eu\/#primaryimage","url":"https:\/\/www.viva-la-vida.eu\/wp-content\/uploads\/2026\/03\/Brown-and-Beige-Vintage-Travel-Photo-Collage-Instagram-Post1.jpg","contentUrl":"https:\/\/www.viva-la-vida.eu\/wp-content\/uploads\/2026\/03\/Brown-and-Beige-Vintage-Travel-Photo-Collage-Instagram-Post1.jpg","width":1080,"height":1350},{"@type":"BreadcrumbList","@id":"https:\/\/www.viva-la-vida.eu\/#breadcrumb","itemListElement":[{"@type":"ListItem","position":1,"name":"Startseite","item":"https:\/\/www.viva-la-vida.eu\/"},{"@type":"ListItem","position":2,"name":"Abschied"}]},{"@type":"WebSite","@id":"https:\/\/www.viva-la-vida.eu\/#website","url":"https:\/\/www.viva-la-vida.eu\/","name":"Virginia Reiner","description":"creative coaching","publisher":{"@id":"https:\/\/www.viva-la-vida.eu\/#organization"},"potentialAction":[{"@type":"SearchAction","target":{"@type":"EntryPoint","urlTemplate":"https:\/\/www.viva-la-vida.eu\/?s={search_term_string}"},"query-input":{"@type":"PropertyValueSpecification","valueRequired":true,"valueName":"search_term_string"}}],"inLanguage":"de"},{"@type":"Organization","@id":"https:\/\/www.viva-la-vida.eu\/#organization","name":"Virginia Reiner","url":"https:\/\/www.viva-la-vida.eu\/","logo":{"@type":"ImageObject","inLanguage":"de","@id":"https:\/\/www.viva-la-vida.eu\/#\/schema\/logo\/image\/","url":"https:\/\/www.viva-la-vida.eu\/wp-content\/uploads\/2024\/05\/webicon.jpg","contentUrl":"https:\/\/www.viva-la-vida.eu\/wp-content\/uploads\/2024\/05\/webicon.jpg","width":512,"height":512,"caption":"Virginia Reiner"},"image":{"@id":"https:\/\/www.viva-la-vida.eu\/#\/schema\/logo\/image\/"},"sameAs":["https:\/\/www.instagram.com\/creative_coaching_reiner\/"]}]}},"_links":{"self":[{"href":"https:\/\/www.viva-la-vida.eu\/index.php\/wp-json\/wp\/v2\/pages\/511","targetHints":{"allow":["GET"]}}],"collection":[{"href":"https:\/\/www.viva-la-vida.eu\/index.php\/wp-json\/wp\/v2\/pages"}],"about":[{"href":"https:\/\/www.viva-la-vida.eu\/index.php\/wp-json\/wp\/v2\/types\/page"}],"author":[{"embeddable":true,"href":"https:\/\/www.viva-la-vida.eu\/index.php\/wp-json\/wp\/v2\/users\/1"}],"replies":[{"embeddable":true,"href":"https:\/\/www.viva-la-vida.eu\/index.php\/wp-json\/wp\/v2\/comments?post=511"}],"version-history":[{"count":3,"href":"https:\/\/www.viva-la-vida.eu\/index.php\/wp-json\/wp\/v2\/pages\/511\/revisions"}],"predecessor-version":[{"id":516,"href":"https:\/\/www.viva-la-vida.eu\/index.php\/wp-json\/wp\/v2\/pages\/511\/revisions\/516"}],"wp:attachment":[{"href":"https:\/\/www.viva-la-vida.eu\/index.php\/wp-json\/wp\/v2\/media?parent=511"}],"curies":[{"name":"wp","href":"https:\/\/api.w.org\/{rel}","templated":true}]}}